{"id":18,"date":"2016-04-12T13:35:25","date_gmt":"2016-04-12T13:35:25","guid":{"rendered":"http:\/\/concefor.cefor.ifes.edu.br\/?page_id=18"},"modified":"2021-08-09T09:37:32","modified_gmt":"2021-08-09T12:37:32","slug":"palestrantes","status":"publish","type":"page","link":"https:\/\/concefor.cefor.ifes.edu.br\/2018\/palestrantes\/","title":{"rendered":"Palestrantes"},"content":{"rendered":"<p>&nbsp;<\/p>\n<h5><strong>Arthur B. Powell<\/strong><\/h5>\n<p><img loading=\"lazy\" class=\"alignleft\" src=\"https:\/\/www.newark.rutgers.edu\/sites\/default\/files\/styles\/156x169\/public\/null\/arthur_powell_0.jpg?itok=Et6AHR0I\" alt=\"Fotografia em primeiro plano. Homem. Pele negra, rosto arrendondado, cabelos grisalhos; usa \u00f3culos escuro, tem nariz largo, possui um cavanhaque tamb\u00e9m grisalho, e esbo\u00e7a um sorriso largo. Fim da audiodescri\u00e7\u00e3o.\" width=\"134\" height=\"145\" \/>PhD em Educa\u00e7\u00e3o com \u00eanfase em Matem\u00e1tica pela Rutgers University, em New Jersey; Mestre em Ci\u00eancia Matem\u00e1tica pela University Michigan; Bacharel em Artes da Matem\u00e1tica e Estat\u00edstica pela Hampshire College, em Massachusetts E.U.A. Foi o fundador de colabora\u00e7\u00f5es internacionais em educa\u00e7\u00e3o matem\u00e1tica por meio de parcerias estabelecidas entre educadores da Rutgers University, Mo\u00e7ambique, \u00c1frica do Sul, Brasil e Haiti. Leciona, desde 1981, na Rutgers University. Atualmente, \u00e9 professor do Departamento de Educa\u00e7\u00e3o Urbano, na faculdade de Artes e Ci\u00eancias e participa do Conselho Editorial do Journal of Mathematical Behavior, do Boletim GEPEM: Boletim do Grupo de Estudos e Pesquisas em Educa\u00e7\u00e3o Matem\u00e1tica (publicado no Brasil) e do BOLEMA: Boletim de Educa\u00e7\u00e3o Matem\u00e1tica (publicado no Brasil). Dirige, ainda, o Grupo de Pesquisa em Comunica\u00e7\u00e3o, Tecnologia e Matem\u00e1tica Learning.<\/p>\n<hr \/>\n<h5>\u00a0<strong>Henrique Manuel Alonso da Costa Guimar\u00e3es<\/strong><\/h5>\n<p><img loading=\"lazy\" class=\"wp-image-718 size-thumbnail alignleft\" src=\"http:\/\/concefor.cefor.ifes.edu.br\/wp-content\/uploads\/2016\/04\/Henrique-Manuel-Alonso-da-Costa-Guimar\u00e3es-150x150.jpg\" alt=\"Fotografia em plano m\u00e9dio. Homem. Pele branca, rosto triangular; cabelos ralos, grisalhos, com entradas na testa. Usa \u00f3culos de grau e esbo\u00e7a um sorriso largo. Veste camisa social em tom rosa claro. Fim da audiodescri\u00e7\u00e3o.\" width=\"150\" height=\"150\" \/>P\u00f3s-Doutor em Hist\u00f3ria do Ensino da Matem\u00e1tica pela Universidade da Ge\u00f3rgia, no College of Education; Doutor em Educa\u00e7\u00e3o, especialidade em Did\u00e1tica Matem\u00e1tica, pela Universidade de Lisboa; Mestre em Educa\u00e7\u00e3o, pela Universidade de Lisboa; Licenciado em Engenharia Eletrot\u00e9cnica, pelo Instituto Superior T\u00e9cnico. Atuou como professor visitante convidado do Programa de P\u00f3s-gradua\u00e7\u00e3o em Educa\u00e7\u00e3o Cient\u00edfica e Tecnol\u00f3gica da Universidade Federal de Sta. Catarina (2008\/09) e lecionou no curso de Mestrado em Educa\u00e7\u00e3o do Instituto Superior de Ci\u00eancias da Educa\u00e7\u00e3o de Luanda, Angola (2012). Atualmente, \u00e9 professor associado no Instituto de Educa\u00e7\u00e3o da Universidade de Lisboa, onde atua desde 1985. Tamb\u00e9m \u00e9 membro do Conselho Cient\u00edfico do Instituto de Educa\u00e7\u00e3o da Universidade de Lisboa, Coordenador do Curso de Doutoramento em Educa\u00e7\u00e3o e Did\u00e1tica da Matem\u00e1tica, e Coordenador da Disciplina de Metodologia de Investiga\u00e7\u00e3o I, do curso de Mestrado em Educa\u00e7\u00e3o <span lang=\"PT-BR\"> e Coordenador do curso de Mestrado em Ensino da Matem\u00e1tica.<\/span>.<\/p>\n<hr \/>\n<h5><strong>Carla Beatris Valentini<\/strong><\/h5>\n<p><img loading=\"lazy\" class=\"size-full wp-image-714 alignleft\" src=\"http:\/\/concefor.cefor.ifes.edu.br\/wp-content\/uploads\/2016\/04\/Carla-Beatris-Valentini.jpg\" alt=\"Fotografia de perfil em plano m\u00e9dio. Mulher. Pele branca, rosto quadrado; cabelos loiros, lisos, partidos de lado, com franja e de comprimento at\u00e9 o ombro. Possui nariz e l\u00e1bios finos. Usa blusa preta com gola V. Fim da audiodescri\u00e7\u00e3o.\" width=\"130\" height=\"130\" \/>Doutora em Inform\u00e1tica na Educa\u00e7\u00e3o, pela Universidade Federal do Rio Grande do Sul (2003); Mestra em Psicologia do Desenvolvimento pela mesma universidade; Licenciada em Filosofia, pela Universidade de Caxias do Sul. Atua, desde 1996, com professora titular da Universidade de Caxias do Sul e do corpo permanente do Programa de P\u00f3s-Gradua\u00e7\u00e3o em Educa\u00e7\u00e3o, Mestrado e Doutorado. Tem experi\u00eancia nas \u00e1reas de Tecnologias na Educa\u00e7\u00e3o, Psicologia da Aprendizagem e Educa\u00e7\u00e3o Inclusiva. Atualmente, coordena o Observat\u00f3rio Doc\u00eancia, Inclus\u00e3o e Cultura Digital sendo, tamb\u00e9m, Coordenadora do projeto de pesquisa \u201cForma\u00e7\u00e3o de professores para Inclus\u00e3o: Amplia\u00e7\u00e3o do Objeto de Aprendizagem Incluir\u201d. \u00c9 pesquisadora dos projetos \u201cObjeto de Aprendizagem Incluir: contribui\u00e7\u00f5es para a inclus\u00e3o de pessoas com defici\u00eancia f\u00edsica na escola\u201d e \u201cEscola aumentada: cartografias digitais e mobilidade para a aprendizagem e a cidadania\u201d.<\/p>\n<hr \/>\n<h5><strong>Andr\u00e9a Poletto Sonza<\/strong><\/h5>\n<p><img loading=\"lazy\" class=\"alignleft wp-image-717 size-thumbnail\" src=\"http:\/\/concefor.cefor.ifes.edu.br\/wp-content\/uploads\/2016\/04\/Andr\u00e9a-Poletto-Sonza-150x150.jpg\" alt=\"Fotografia em plano m\u00e9dio. Mulher. Pele branca, rosto oval; cabelos pretos, lisos, partidos ao meio, de comprimento at\u00e9 o ombro. Esbo\u00e7a um sorriso largo. Usa jaqueta rosa com bordados e uma blusa preta. Fim da audiodescri\u00e7\u00e3o.\" width=\"150\" height=\"150\" \/>Doutora em Inform\u00e1tica na Educa\u00e7\u00e3o, pela Universidade Federal do Rio Grande do Sul (2008); Mestra em Educa\u00e7\u00e3o, pela Universidade Federal do Rio Grande do Sul (2004); Especialista em Psicopedagogia Institucional, pela Universidade do Sul de Santa Catarina (2000); Graduada em Ci\u00eancia da Computa\u00e7\u00e3o, pela Universidade de Caxias do Sul (1994). \u00c9, atualmente, assessora de A\u00e7\u00f5es Inclusivas do Instituto Federal do Rio Grande do Sul, tratando de temas relacionados \u00e0s a\u00e7\u00f5es afirmativas, inclus\u00e3o de pessoas com necessidades educacionais espec\u00edficas, valoriza\u00e7\u00e3o \u00e9tnico-racial e quest\u00f5es de g\u00eanero e sexualidade. Possui experi\u00eancia em EaD e na \u00e1rea de Inform\u00e1tica na Educa\u00e7\u00e3o Inclusiva, principalmente no que se refere a Pessoas com Necessidades Educacionais Espec\u00edficas, Desenho Universal, Tecnologia Assistiva, Acessibilidade \u00e0 Web e Inclus\u00e3o Sociodigital.<\/p>\n<hr \/>\n<h5><strong>Andr\u00e9 Ribeiro Reichert<\/strong><\/h5>\n<p><img loading=\"lazy\" class=\"wp-image-716 size-thumbnail alignleft\" src=\"http:\/\/concefor.cefor.ifes.edu.br\/wp-content\/uploads\/2016\/04\/ANDRE-RIBEIRO-REICHERT-150x150.jpg\" alt=\"Fotografia em plano m\u00e9dio. Homem. Pele branca, rosto oval; cabelos lisos, pretos, curtos e barba. Usa camisa social branca e, com as duas m\u00e3os, faz sinal de libras. Fim da audiodescri\u00e7\u00e3o.\" width=\"150\" height=\"150\" \/>Doutor em Lingu\u00edstica Aplicada, pela Universidade do Vale do Rio dos Sinos (2015); Mestre em Educa\u00e7\u00e3o, pela Universidade Federal do Rio Grande do Sul (2006); Graduado em Pedagogia, com \u00eanfase em Orienta\u00e7\u00e3o Educacional, pela Universidade Luterana do Brasil (2002). Atualmente, \u00e9 professor efetivo da Universidade Federal de Santa Catarina, atuando nas \u00e1reas relativas aos Cursos de Letras Libras. Possui experi\u00eancia na esfera de Educa\u00e7\u00e3o de Surdos, desde a Educa\u00e7\u00e3o B\u00e1sica at\u00e9 o Ensino Superior; e no ensino de Libras para alunos ouvintes, com \u00eanfase em <a style=\"font-family: inherit;color: inherit;text-decoration: none\" href=\"https:\/\/www.thecowboychannel.com\/story\/43593290\/4-things-to-consider-when-choosing-a-moving-company\">the cheapest way to move long distance<\/a>, Educa\u00e7\u00e3o e Lingu\u00edstica, atuando principalmente nos seguintes temas: Educa\u00e7\u00e3o de Surdos, Libras, Estrutura Gramatical, Tradu\u00e7\u00e3o, Educa\u00e7\u00e3o e Bilinguismo.<\/p>\n<hr \/>\n<h5><strong>Ariadna Pereira Siqueira Effgen<\/strong><\/h5>\n<p><img loading=\"lazy\" class=\"wp-image-715 size-thumbnail alignleft\" src=\"http:\/\/concefor.cefor.ifes.edu.br\/wp-content\/uploads\/2016\/04\/ARIADNA-PEREIRA-SIQUEIRA-EFFGEN-150x150.jpg\" alt=\"Fotografia em plano m\u00e9dio. Mulher. Pele branca, rosto triangular invertido; cabelos ruivos, cacheados, at\u00e9 o ombro. Usa \u00f3culos de grau e batom vermelho. Esbo\u00e7a um sorriso largo. Usa len\u00e7o azul no pesco\u00e7o. Fim da audiodescri\u00e7\u00e3o.\" width=\"150\" height=\"150\" \/>Doutora (2017) e Mestre (2011) em Educa\u00e7\u00e3o, pela Universidade Federal do Esp\u00edrito Santo; Graduada em Pedagogia (2005), pela mesma universidade. Trabalhou como docente na \u00e1rea de Educa\u00e7\u00e3o Especial da Rede Estadual de Ensino e na Prefeitura Municipal da Serra. Lecionou, tamb\u00e9m, como professora substituta na Universidade Federal do Esp\u00edrito Santo e da Faculdade S\u00e3o Geraldo. Possui experi\u00eancia na \u00e1rea de Educa\u00e7\u00e3o, com \u00eanfase em Educa\u00e7\u00e3o Inclusiva. Atualmente, \u00e9 professora de Educa\u00e7\u00e3o Infantil, na Prefeitura Municipal da Serra, e membro dos Grupos de Pesquisa \u201cForma\u00e7\u00e3o, Pesquisa-A\u00e7\u00e3o e Gest\u00e3o em Educa\u00e7\u00e3o Especial\u201d ( GRUFOPEES\/CNPq) e \u201cEduca\u00e7\u00e3o Especial: forma\u00e7\u00e3o de profissionais, pr\u00e1ticas pedag\u00f3gicas e pol\u00edticas p\u00fablicas de inclus\u00e3o escolar\u201d (EEFPP\/CNPq).<\/p>\n<hr \/>\n<h5><strong>Dalila Gusm\u00e3o Carletti<\/strong><\/h5>\n<p><img loading=\"lazy\" class=\"wp-image-1029 size-full alignleft\" src=\"http:\/\/concefor.cefor.ifes.edu.br\/wp-content\/uploads\/2016\/04\/foto_dalila.jpeg\" alt=\"Fotografia de perfil em plano m\u00e9dio. Mulher. Pele branca, rosto quadrado; cabelos lisos, castanhos, longos. Esbo\u00e7a um sorriso largo. Usa blusa rosa pink com gola V. Fim da audiodescri\u00e7\u00e3o.\" width=\"150\" height=\"150\" \/>Especialista em Arte e Educa\u00e7\u00e3o (2014), pelo Centro de Estudos Avan\u00e7ados em Educa\u00e7\u00e3o e Pesquisa (CESAP); Licenciada em M\u00fasica (2012), pela Faculdade de M\u00fasica do Esp\u00edrito Santo (FAMES). Trabalhou como revisora de textos e partituras em Braille, no N\u00facleo de Educa\u00e7\u00e3o Especial da FAMES (2009 a 2012). Possui experi\u00eancia como professora de Arte e de M\u00fasica em escolas das redes estadual e municipal no Esp\u00edrito Santo. Atua como revisora de Textos Braille, no Centro de forma\u00e7\u00e3o de Treinadores e Instrutores de C\u00e3es-Guia, do Instituto Federal do Esp\u00edrito Santo, campus de Alegre.<\/p>\n<hr \/>\n<h5><strong>Edgar Alvarenga Sim\u00f5es<\/strong><\/h5>\n<p><img loading=\"lazy\" class=\"wp-image-712 size-thumbnail alignleft\" src=\"http:\/\/concefor.cefor.ifes.edu.br\/wp-content\/uploads\/2016\/04\/Edgar-Alvarenga-Sim\u00f5es-150x150.png\" alt=\"Fotografia em plano m\u00e9dio. Homem. Pele parda, rosto longo; cabelos ralos, pretos, com entradas na testa. Esbo\u00e7a um sorriso fechado. Usa camisa social azul escura. Fim da audiodescri\u00e7\u00e3o.\" width=\"150\" height=\"150\" \/>Especialista em Educa\u00e7\u00e3o Inclusiva (2014) e Licenciado em Letras Libras (2012), pela Universidade Federal de Santa Catarina. Possui experi\u00eancia na \u00e1rea de Educa\u00e7\u00e3o B\u00e1sica e na Educa\u00e7\u00e3o Superior. Atuou como professor de Libras no Atendimento Educacional Especializado, na Secretaria de Estado da Educa\u00e7\u00e3o (SEDU), e tamb\u00e9m no curso bacharelado de Letras Libras, na Universidade Federal de Esp\u00edrito Santo. Atualmente, \u00e9 professor no Instituto Federal do Esp\u00edrito Santo, lotado no Centro de Refer\u00eancia em Forma\u00e7\u00e3o e em Educa\u00e7\u00e3o a Dist\u00e2ncia (Cefor).<\/p>\n<p>&nbsp;<\/p>\n<p>&nbsp;<\/p>\n","protected":false},"excerpt":{"rendered":"<p>&nbsp; Arthur B. Powell PhD em Educa\u00e7\u00e3o com \u00eanfase em Matem\u00e1tica pela Rutgers University, em New Jersey; Mestre em Ci\u00eancia Matem\u00e1tica pela University Michigan; Bacharel em Artes da Matem\u00e1tica e Estat\u00edstica pela Hampshire College, em Massachusetts E.U.A. Foi o fundador <a class=\"more-link\" href=\"https:\/\/concefor.cefor.ifes.edu.br\/2018\/palestrantes\/\">Leia mais&#8230; &raquo;<\/a><\/p>\n","protected":false},"author":1,"featured_media":0,"parent":0,"menu_order":0,"comment_status":"closed","ping_status":"closed","template":"","meta":[],"_links":{"self":[{"href":"https:\/\/concefor.cefor.ifes.edu.br\/2018\/wp-json\/wp\/v2\/pages\/18"}],"collection":[{"href":"https:\/\/concefor.cefor.ifes.edu.br\/2018\/wp-json\/wp\/v2\/pages"}],"about":[{"href":"https:\/\/concefor.cefor.ifes.edu.br\/2018\/wp-json\/wp\/v2\/types\/page"}],"author":[{"embeddable":true,"href":"https:\/\/concefor.cefor.ifes.edu.br\/2018\/wp-json\/wp\/v2\/users\/1"}],"replies":[{"embeddable":true,"href":"https:\/\/concefor.cefor.ifes.edu.br\/2018\/wp-json\/wp\/v2\/comments?post=18"}],"version-history":[{"count":1,"href":"https:\/\/concefor.cefor.ifes.edu.br\/2018\/wp-json\/wp\/v2\/pages\/18\/revisions"}],"predecessor-version":[{"id":10860,"href":"https:\/\/concefor.cefor.ifes.edu.br\/2018\/wp-json\/wp\/v2\/pages\/18\/revisions\/10860"}],"wp:attachment":[{"href":"https:\/\/concefor.cefor.ifes.edu.br\/2018\/wp-json\/wp\/v2\/media?parent=18"}],"curies":[{"name":"wp","href":"https:\/\/api.w.org\/{rel}","templated":true}]}}