{"id":1381,"date":"2018-08-09T14:57:14","date_gmt":"2018-08-09T17:57:14","guid":{"rendered":"http:\/\/concefor.cefor.ifes.edu.br\/?page_id=1381"},"modified":"2021-08-09T09:48:39","modified_gmt":"2021-08-09T12:48:39","slug":"comunicacoes-coordenadas-especiais","status":"publish","type":"page","link":"https:\/\/concefor.cefor.ifes.edu.br\/2018\/comunicacoes-coordenadas-especiais\/","title":{"rendered":"Comunica\u00e7\u00f5es Coordenadas Especiais &#8211; Dia 17\/08\/2018"},"content":{"rendered":"<p><!--td {border: 1px solid #ccc;}br {mso-data-placement:same-cell;}--><\/p>\n<table dir=\"ltr\" border=\"1\" cellspacing=\"0\" cellpadding=\"0\">\n<colgroup>\n<col width=\"69\" \/>\n<col width=\"311\" \/>\n<col width=\"246\" \/>\n<col width=\"100\" \/>\n<col width=\"100\" \/>\n<col width=\"108\" \/><\/colgroup>\n<tbody>\n<tr>\n<td style=\"text-align: center;\" colspan=\"6\" rowspan=\"1\">\n<h5><strong><span style=\"color: #000000;\">\u00c1rea de Forma\u00e7\u00e3o<\/span><\/strong><\/h5>\n<\/td>\n<\/tr>\n<tr>\n<td>\n<h6 style=\"text-align: center;\"><strong>ID<\/strong><\/h6>\n<\/td>\n<td style=\"text-align: center;\">\n<h6><span style=\"color: #000000;\"><strong>Trabalho<\/strong><\/span><\/h6>\n<\/td>\n<td style=\"text-align: center;\">\n<h6><span style=\"color: #000000;\"><strong>Autores<\/strong><\/span><\/h6>\n<\/td>\n<td style=\"text-align: center;\">\n<h6><strong><span style=\"color: #000000;\">Eixo<\/span><\/strong><\/h6>\n<\/td>\n<td style=\"text-align: center;\">\n<h6><span style=\"color: #000000;\"><strong>Hor\u00e1rio<\/strong><\/span><\/h6>\n<\/td>\n<td style=\"text-align: center;\">\n<h6><span style=\"color: #000000;\"><strong>Sala<\/strong><\/span><\/h6>\n<\/td>\n<\/tr>\n<tr>\n<td style=\"text-align: center;\"><a href=\"http:\/\/concefor.cefor.ifes.edu.br\/wp-content\/uploads\/2018\/08\/4615-7667-2-DR.pdf\" target=\"_blank\" rel=\"noopener\">4615<\/a><\/td>\n<td>ARQUITETURA DO DESEJO: CONFIGURA\u00c7\u00d5ES DE UMA INSTITUI\u00c7\u00c3O E SUAS CONTRIBUI\u00c7\u00d5ES PARA O DESENVOLVIMENTO DA EDUCA\u00c7\u00c3O INFANTIL<\/td>\n<td>Johelder Xavier Tavares<\/td>\n<td style=\"text-align: center;\">6<\/td>\n<td style=\"text-align: center;\">16h \u2013 17h<\/td>\n<td style=\"text-align: center;\">1<\/td>\n<\/tr>\n<tr>\n<td style=\"text-align: center;\"><a href=\"http:\/\/concefor.cefor.ifes.edu.br\/wp-content\/uploads\/2018\/08\/4647-7668-1-DR.pdf\" target=\"_blank\" rel=\"noopener\">4647<\/a><\/td>\n<td>FORMA\u00c7\u00c3O PROFISSIONAL DOCENTE A DIST\u00c2NCIA NA PERSPECTIVA DA ALFABETIZA\u00c7\u00c3O CIENT\u00cdFICA<\/td>\n<td>Ana Paula dos Santos, M\u00e1rcia Gon\u00e7alves de Oliveira, Kamila Scalzer<\/td>\n<td style=\"text-align: center;\">3<\/td>\n<td style=\"text-align: center;\">16h \u2013 17h<\/td>\n<td style=\"text-align: center;\">1<\/td>\n<\/tr>\n<tr>\n<td style=\"text-align: center;\"><a href=\"http:\/\/concefor.cefor.ifes.edu.br\/wp-content\/uploads\/2018\/08\/4722-7736-1-DR.pdf\" target=\"_blank\" rel=\"noopener\">4722<\/a><\/td>\n<td>A PROMO\u00c7\u00c3O DA ALFABETIZA\u00c7\u00c3O CIENT\u00cdFICA E CTS\/CTSA A PARTIR DA PRODU\u00c7\u00c3O ARTESANAL DE SAB\u00c3O COM \u00d3LEO VEGETAL<\/td>\n<td>Andressa de Oliveira Faria Lorenzutti, Andre Luiz dos Santos, Geovania Cezana Araujo Cunha, Euna Sousa Araujo Santos, Sidnei Quezada Meireles Leite<\/td>\n<td style=\"text-align: center;\">3<\/td>\n<td style=\"text-align: center;\">16h \u2013 17h<\/td>\n<td style=\"text-align: center;\">1<\/td>\n<\/tr>\n<tr>\n<td style=\"text-align: center;\"><a href=\"http:\/\/concefor.cefor.ifes.edu.br\/wp-content\/uploads\/2018\/08\/4725-7758-1-DR.pdf\" target=\"_blank\" rel=\"noopener\">4725<\/a><\/td>\n<td>PROJETOS ESCOLARES E ALFABETIZA\u00c7\u00c3O CIENT\u00cdFICA: UMA EXPERI\u00caNCIA DE PRODU\u00c7\u00c3O DE PAPEL COM FIBRAS NATURAIS DA CANA-DE-A\u00c7\u00daCAR<\/td>\n<td>Thalita Quinto Soares Ferreira, Mirian Jonis<\/td>\n<td style=\"text-align: center;\">3<\/td>\n<td style=\"text-align: center;\">16h \u2013 17h<\/td>\n<td style=\"text-align: center;\">1<\/td>\n<\/tr>\n<tr>\n<td colspan=\"6\" rowspan=\"2\">\n<h5 style=\"text-align: center;\"><span style=\"color: #000000;\"><strong> \u00c1rea de EaD\/Tecnologias &#8211; Dia 17\/08\/2018<br \/>\n<\/strong><\/span><\/h5>\n<\/td>\n<\/tr>\n<tr>\n<td colspan=\"6\" rowspan=\"1\"><\/td>\n<\/tr>\n<tr>\n<td style=\"text-align: center;\">\n<h6><strong><span style=\"color: #000000;\">ID<\/span><\/strong><\/h6>\n<\/td>\n<td>\n<h6 style=\"text-align: center;\"><strong><span style=\"color: #000000;\">Trabalho<\/span><\/strong><\/h6>\n<\/td>\n<td>\n<h6 style=\"text-align: center;\"><strong><span style=\"color: #000000;\">Autores<\/span><\/strong><\/h6>\n<\/td>\n<td style=\"text-align: center;\">\n<h6><span style=\"color: #000000;\"><strong>Eixo<\/strong><\/span><\/h6>\n<\/td>\n<td style=\"text-align: center;\">\n<h6><span style=\"color: #000000;\"><strong>Hor\u00e1rio<\/strong><\/span><\/h6>\n<\/td>\n<td>\n<h6 style=\"text-align: center;\"><strong><span style=\"color: #000000;\">Sala<\/span><\/strong><\/h6>\n<\/td>\n<\/tr>\n<tr>\n<td style=\"text-align: center;\"><a href=\"http:\/\/concefor.cefor.ifes.edu.br\/wp-content\/uploads\/2018\/08\/4630-7669-1-DR.pdf\" target=\"_blank\" rel=\"noopener\">4630<\/a><\/td>\n<td>A IMPORT\u00c2NCIA DO TUTOR PRESENCIAL NA EDUCA\u00c7\u00c3O \u00c0 DIST\u00c2NCIA: ALGUMAS CONSIDERA\u00c7\u00d5ES<\/td>\n<td>Simone Lopes Smiderle Alves, Marcos Bezerra<\/td>\n<td style=\"text-align: center;\">5<\/td>\n<td style=\"text-align: center;\">16h \u2013 17h<\/td>\n<td style=\"text-align: center;\">2<\/td>\n<\/tr>\n<tr>\n<td style=\"text-align: center;\"><a href=\"http:\/\/concefor.cefor.ifes.edu.br\/wp-content\/uploads\/2018\/08\/4667-7638-1-DR.pdf\" target=\"_blank\" rel=\"noopener\">4667<\/a><\/td>\n<td>UMA REVIS\u00c3O SISTEM\u00c1TICA DA LITERATURA SOBRE O USO DAS TICS NA EDUCA\u00c7\u00c3O<\/td>\n<td>Juliana Yuri Kanezaki de Souza, Mariella Berger Andrade<\/td>\n<td style=\"text-align: center;\">5<\/td>\n<td style=\"text-align: center;\">16h \u2013 17h<\/td>\n<td style=\"text-align: center;\">2<\/td>\n<\/tr>\n<tr>\n<td style=\"text-align: center;\"><a href=\"http:\/\/concefor.cefor.ifes.edu.br\/wp-content\/uploads\/2018\/08\/4672-7634-1-DR.pdf\" target=\"_blank\" rel=\"noopener\">4672<\/a><\/td>\n<td>UMA PROPOSTA DE GUIA DID\u00c1TICO PARA ORIENTAR O DESENVOLVIMENTO DE OBJETOS DE APRENDIZAGEM MATEM\u00c1TICA<\/td>\n<td>Marcelo Souza Motta, Airan Priscila De Farias Curci<\/td>\n<td style=\"text-align: center;\">5<\/td>\n<td style=\"text-align: center;\">16h \u2013 17h<\/td>\n<td style=\"text-align: center;\">2<\/td>\n<\/tr>\n<tr>\n<td style=\"text-align: center;\"><a href=\"http:\/\/concefor.cefor.ifes.edu.br\/wp-content\/uploads\/2018\/08\/4731-7710-1-DR.pdf\" target=\"_blank\" rel=\"noopener\">4731<\/a><\/td>\n<td>A GEOPOL\u00cdTICA DO CIBERESPA\u00c7O: NOVAS POSSIBILIDADE NA ABORDAGEM NO ENSINO DA GEOGRAFIA CR\u00cdTICA<\/td>\n<td>Israel David Oliveira Frois<\/td>\n<td style=\"text-align: center;\">5<\/td>\n<td style=\"text-align: center;\">16h \u2013 17h<\/td>\n<td style=\"text-align: center;\">2<\/td>\n<\/tr>\n<\/tbody>\n<\/table>\n","protected":false},"excerpt":{"rendered":"<p>\u00c1rea de Forma\u00e7\u00e3o ID Trabalho Autores Eixo Hor\u00e1rio Sala 4615 ARQUITETURA DO DESEJO: CONFIGURA\u00c7\u00d5ES DE UMA INSTITUI\u00c7\u00c3O E SUAS CONTRIBUI\u00c7\u00d5ES PARA O DESENVOLVIMENTO DA EDUCA\u00c7\u00c3O INFANTIL Johelder Xavier Tavares 6 16h \u2013 17h 1 4647 FORMA\u00c7\u00c3O PROFISSIONAL DOCENTE A DIST\u00c2NCIA <a class=\"more-link\" href=\"https:\/\/concefor.cefor.ifes.edu.br\/2018\/comunicacoes-coordenadas-especiais\/\">Leia mais&#8230; &raquo;<\/a><\/p>\n","protected":false},"author":1,"featured_media":0,"parent":0,"menu_order":0,"comment_status":"closed","ping_status":"closed","template":"","meta":[],"_links":{"self":[{"href":"https:\/\/concefor.cefor.ifes.edu.br\/2018\/wp-json\/wp\/v2\/pages\/1381"}],"collection":[{"href":"https:\/\/concefor.cefor.ifes.edu.br\/2018\/wp-json\/wp\/v2\/pages"}],"about":[{"href":"https:\/\/concefor.cefor.ifes.edu.br\/2018\/wp-json\/wp\/v2\/types\/page"}],"author":[{"embeddable":true,"href":"https:\/\/concefor.cefor.ifes.edu.br\/2018\/wp-json\/wp\/v2\/users\/1"}],"replies":[{"embeddable":true,"href":"https:\/\/concefor.cefor.ifes.edu.br\/2018\/wp-json\/wp\/v2\/comments?post=1381"}],"version-history":[{"count":2,"href":"https:\/\/concefor.cefor.ifes.edu.br\/2018\/wp-json\/wp\/v2\/pages\/1381\/revisions"}],"predecessor-version":[{"id":10868,"href":"https:\/\/concefor.cefor.ifes.edu.br\/2018\/wp-json\/wp\/v2\/pages\/1381\/revisions\/10868"}],"wp:attachment":[{"href":"https:\/\/concefor.cefor.ifes.edu.br\/2018\/wp-json\/wp\/v2\/media?parent=1381"}],"curies":[{"name":"wp","href":"https:\/\/api.w.org\/{rel}","templated":true}]}}