{"id":26,"date":"2016-04-12T13:36:51","date_gmt":"2016-04-12T13:36:51","guid":{"rendered":"http:\/\/concefor.cefor.ifes.edu.br\/?page_id=26"},"modified":"2016-04-12T13:36:51","modified_gmt":"2016-04-12T13:36:51","slug":"datas-importantes","status":"publish","type":"page","link":"https:\/\/concefor.cefor.ifes.edu.br\/2016\/datas-importantes\/","title":{"rendered":"Datas"},"content":{"rendered":"<p>&nbsp;<\/p>\n<ul>\n<li>Evento: 12 e 13 de Agosto de 2016.<\/li>\n<li><del>Per\u00edodo de Submiss\u00e3o de Trabalhos: \u00a002\/05\/2016 a 05\/06\/2016.<\/del><\/li>\n<li>Per\u00edodo de Submiss\u00e3o de Trabalhos: \u00a0<span style=\"color: #ff0000\">02\/05\/2016 a 19\/06\/2016<\/span>.<\/li>\n<li>Notifica\u00e7\u00e3o\u00a0dos Trabalhos Selecionados: 04\/07\/2016.<\/li>\n<li>Per\u00edodo para Submiss\u00e3o da Vers\u00e3o Final: 04\/07 a 10\/07.<\/li>\n<li>Divulga\u00e7\u00e3o do Cronograma de Apresenta\u00e7\u00e3o Oral: 13\/07.<\/li>\n<\/ul>\n","protected":false},"excerpt":{"rendered":"<p>&nbsp; Evento: 12 e 13 de Agosto de 2016. Per\u00edodo de Submiss\u00e3o de Trabalhos: \u00a002\/05\/2016 a 05\/06\/2016. Per\u00edodo de Submiss\u00e3o de Trabalhos: \u00a002\/05\/2016 a 19\/06\/2016. Notifica\u00e7\u00e3o\u00a0dos Trabalhos Selecionados: 04\/07\/2016. Per\u00edodo para Submiss\u00e3o da Vers\u00e3o Final: 04\/07 a 10\/07. Divulga\u00e7\u00e3o do <a class=\"more-link\" href=\"https:\/\/concefor.cefor.ifes.edu.br\/2016\/datas-importantes\/\">Leia mais&#8230; &raquo;<\/a><\/p>\n","protected":false},"author":1,"featured_media":0,"parent":0,"menu_order":0,"comment_status":"closed","ping_status":"closed","template":"","meta":[],"_links":{"self":[{"href":"https:\/\/concefor.cefor.ifes.edu.br\/2016\/wp-json\/wp\/v2\/pages\/26"}],"collection":[{"href":"https:\/\/concefor.cefor.ifes.edu.br\/2016\/wp-json\/wp\/v2\/pages"}],"about":[{"href":"https:\/\/concefor.cefor.ifes.edu.br\/2016\/wp-json\/wp\/v2\/types\/page"}],"author":[{"embeddable":true,"href":"https:\/\/concefor.cefor.ifes.edu.br\/2016\/wp-json\/wp\/v2\/users\/1"}],"replies":[{"embeddable":true,"href":"https:\/\/concefor.cefor.ifes.edu.br\/2016\/wp-json\/wp\/v2\/comments?post=26"}],"version-history":[{"count":0,"href":"https:\/\/concefor.cefor.ifes.edu.br\/2016\/wp-json\/wp\/v2\/pages\/26\/revisions"}],"wp:attachment":[{"href":"https:\/\/concefor.cefor.ifes.edu.br\/2016\/wp-json\/wp\/v2\/media?parent=26"}],"curies":[{"name":"wp","href":"https:\/\/api.w.org\/{rel}","templated":true}]}}