{"id":24,"date":"2016-04-12T13:36:33","date_gmt":"2016-04-12T13:36:33","guid":{"rendered":"http:\/\/concefor.cefor.ifes.edu.br\/?page_id=24"},"modified":"2016-04-12T13:36:33","modified_gmt":"2016-04-12T13:36:33","slug":"submissoes","status":"publish","type":"page","link":"https:\/\/concefor.cefor.ifes.edu.br\/2016\/submissoes\/","title":{"rendered":"Submiss\u00f5es"},"content":{"rendered":"<p>&nbsp;<\/p>\n<p style=\"text-align: justify\">As submiss\u00f5es de artigos para as Comunica\u00e7\u00f5es Cient\u00edficas poder\u00e3o ser feitas com base nos seguintes Eixos Tem\u00e1ticos:<\/p>\n<h5 style=\"text-align: justify\">Eixo 1 &#8211; Pol\u00edticas educacionais e curr\u00edculo<\/h5>\n<p style=\"text-align: justify\">Engloba estudos e pesquisas que abordem pol\u00edticas p\u00fablicas e\/ou curr\u00edculo, relacionados \u00e0 forma\u00e7\u00e3o de educadores nos contextos da educa\u00e7\u00e3o b\u00e1sica, profissional e tecnol\u00f3gica e superior, nas modalidades de ensino presencial e a dist\u00e2ncia.<\/p>\n<h5 style=\"text-align: justify\">Eixo 2 &#8211; Forma\u00e7\u00e3o inicial e continuada de educadores<\/h5>\n<p style=\"text-align: justify\">Engloba a\u00e7\u00f5es, estudos e pesquisas que abordem a forma\u00e7\u00e3o inicial e continuada de educadores nos contextos da educa\u00e7\u00e3o b\u00e1sica, profissional e tecnol\u00f3gica e superior, nas modalidades de ensino presencial e a dist\u00e2ncia, em espa\u00e7os formais e n\u00e3o formais. Incluem-se, ainda, estudos sobre projetos de extens\u00e3o, Pibid,<br \/>\nProeja, Parfor e outros.<\/p>\n<h5 style=\"text-align: justify\">Eixo 3 &#8211; Metodologias e Pr\u00e1ticas Pedag\u00f3gicas no contexto da Educa\u00e7\u00e3o B\u00e1sica, Educa\u00e7\u00e3o Profissional e Tecnol\u00f3gica<\/h5>\n<p style=\"text-align: justify\">Engloba trabalhos de investiga\u00e7\u00e3o abordando metodologias e pr\u00e1ticas pedag\u00f3gicas nos contextos da educa\u00e7\u00e3o b\u00e1sica, profissional e tecnol\u00f3gica e superior, nas modalidades de ensino presencial e a dist\u00e2ncia, nas diversas \u00e1reas do conhecimento.<\/p>\n<h5 style=\"text-align: justify\">Eixo 4 &#8211; Educa\u00e7\u00e3o n\u00e3o formal, Sustentabilidade, Diversidades e Inclus\u00e3o Social<\/h5>\n<p style=\"text-align: justify\">Engloba trabalhos de investiga\u00e7\u00e3o abordando experi\u00eancias em educa\u00e7\u00e3o n\u00e3o formal, sustentabilidade, diversidades e inclus\u00e3o social nos contextos da educa\u00e7\u00e3o b\u00e1sica, profissional e tecnol\u00f3gica e superior, nas modalidades de ensino presencial e a dist\u00e2ncia. Incluem-se estudos relacionados \u00e0s tem\u00e1ticas ind\u00edgena, afrodescendente, educa\u00e7\u00e3o inclusiva, de g\u00eanero e outras.<\/p>\n<h5 style=\"text-align: justify\">Eixo 5 &#8211; Tecnologias Digitais no processo educativo<\/h5>\n<p style=\"text-align: justify\">Engloba estudos e pesquisas que abordem tecnologias digitais nos contextos da educa\u00e7\u00e3o b\u00e1sica, profissional e tecnol\u00f3gica e superior, nas modalidades de ensino presencial e a dist\u00e2ncia. Incluem-se estudos sobre design educacional, softwares educacionais, objetos de aprendizagem, jogos, m\u00eddias e outros.<\/p>\n<h5 style=\"text-align: justify\">Eixo 6 &#8211; Hist\u00f3ria e mem\u00f3ria dos processos educativos<\/h5>\n<p style=\"text-align: justify\">Engloba trabalhos de investiga\u00e7\u00e3o abordando hist\u00f3ria e mem\u00f3ria da educa\u00e7\u00e3o b\u00e1sica, profissional e tecnol\u00f3gica e superior, nas modalidades de ensino presencial e a dist\u00e2ncia. Incluem-se estudos sobre a historiografia do processo educativo.<\/p>\n<p>&nbsp;<\/p>\n<h2>Orienta\u00e7\u00f5es<\/h2>\n<p>&nbsp;<\/p>\n<h4>Datas Importantes<\/h4>\n<ul>\n<li><strong><del><span style=\"color: #000000\">Per\u00edodo de Submiss\u00e3o de Trabalhos: 02\/05\/2016 a 05\/06\/2016.<\/span><\/del><\/strong><\/li>\n<li><strong><span style=\"color: #ff0000\">Per\u00edodo de Submiss\u00e3o de Trabalhos: 02\/05\/2016 a 19\/06\/2016.<\/span><\/strong><\/li>\n<li><strong>Notifica\u00e7\u00e3o dos Trabalhos Selecionados: 04\/07\/2016.<\/strong><\/li>\n<\/ul>\n<p>&nbsp;<\/p>\n<h4>Os Trabalhos<\/h4>\n<p style=\"text-align: justify\"><span style=\"font-weight: 400\">Tanto os trabalhos de<\/span><b> Comunica\u00e7\u00e3o Oral <\/b><span style=\"font-weight: 400\">como os trabalhos de<\/span><b> P\u00f4steres<\/b><span style=\"font-weight: 400\"> submetidos para serem apresentados em Sess\u00f5es Paralelas no III Congresso Regional de Forma\u00e7\u00e3o e Educa\u00e7\u00e3o a Dist\u00e2ncia passam por um processo de julgamento, do tipo <\/span><i><span style=\"font-weight: 400\">blind peer review<\/span><\/i><span style=\"font-weight: 400\"> (julgamento cego por pares), no qual a identidade e a afilia\u00e7\u00e3o institucional do autor s\u00e3o elementos n\u00e3o fornecidos \u00e0queles que o avaliam. A avalia\u00e7\u00e3o ser\u00e1 realizada por uma Comiss\u00e3o T\u00e9cnica composta pelos membros do Conselho Cient\u00edfico do Concefor e de outros pesquisadores com reconhecida atua\u00e7\u00e3o na \u00e1rea. Cada trabalho ser\u00e1 avaliado por ao menos dois revisores, membros da Comiss\u00e3o T\u00e9cnica do Congresso. O resultado final da avalia\u00e7\u00e3o de cada submiss\u00e3o, que corresponde \u00e0 m\u00e9dia das avalia\u00e7\u00f5es dos revisores, ser\u00e1 o indicador decis\u00f3rio para a aceita\u00e7\u00e3o de trabalhos cient\u00edficos e apresenta\u00e7\u00e3o nas sess\u00f5es paralelas do Congresso. <\/span><b>Em fun\u00e7\u00e3o do resultado final da avalia\u00e7\u00e3o, alguns trabalhos poder\u00e3o ser direcionados para apresenta\u00e7\u00e3o em Sess\u00e3o de P\u00f4steres.<\/b><\/p>\n<p>&nbsp;<\/p>\n<h4>Submiss\u00e3o dos Trabalhos<\/h4>\n<ol>\n<li style=\"text-align: justify\">A submiss\u00e3o dos Trabalhos ser\u00e1 feita \u00fanica e exclusivamente por meio de ferramenta dispon\u00edvel no site: <a href=\"http:\/\/ocs.ifes.edu.br\/index.php\/cnfed\/concefor\">http:\/\/ocs.ifes.edu.br\/index.php\/cnfed\/concefor<\/a>.<\/li>\n<li style=\"text-align: justify\">Orienta\u00e7\u00f5es para cadastro e acesso ao sistema de submiss\u00e3o dos trabalhos podem ser encontradas na p\u00e1gina\u00a0<a href=\"http:\/\/concefor.cefor.ifes.edu.br\/?page_id=174\" target=\"_blank\">Orienta\u00e7\u00f5es para Cadastro e Acesso ao sistema de Submiss\u00e3o<\/a>.<\/li>\n<li style=\"text-align: justify\">O\u00a0modelo do artigo que deve ser submetido est\u00e1 dispon\u00edvel <a href=\"http:\/\/concefor.cefor.ifes.edu.br\/wp-content\/uploads\/2016\/05\/modeloartigoconcefor20160530.doc\" rel=\"\">aqui<\/a>\u00a0e as normas de padroniza\u00e7\u00e3o dos trabalhos est\u00e3o dispon\u00edveis na p\u00e1gina\u00a0<a href=\"http:\/\/concefor.cefor.ifes.edu.br\/?page_id=177\" target=\"_blank\">Normas de Padroniza\u00e7\u00e3o<\/a>.<\/li>\n<li style=\"text-align: justify\">O\u00a0modelo do p\u00f4ster\u00a0que deve ser apresentado no evento\u00a0est\u00e1 dispon\u00edvel <a href=\"http:\/\/concefor.cefor.ifes.edu.br\/wp-content\/uploads\/2016\/07\/poster.odp\" rel=\"\">aqui<\/a>.<\/li>\n<li style=\"text-align: justify\">Ao submeter os trabalhos, os autores ficam cientes que para apresenta\u00e7\u00e3o no Congresso ser\u00e1 necess\u00e1ria a presen\u00e7a e pagamento de inscri\u00e7\u00e3o de pelo menos um dos autores.<\/li>\n<li style=\"text-align: justify\">O artigo que ser\u00e1 submetido deve omitir qualquer\u00a0identifica\u00e7\u00e3o dos autores.<\/li>\n<li style=\"text-align: justify\">Logo ap\u00f3s a submiss\u00e3o do trabalho, uma mensagem autom\u00e1tica ser\u00e1 enviada para o endere\u00e7o eletr\u00f4nico da pessoa que realizou a submiss\u00e3o, confirmando este procedimento.<\/li>\n<\/ol>\n<p style=\"text-align: justify\"><b>Nota importante:<\/b> a emiss\u00e3o de certificados da comunica\u00e7\u00e3o oral e p\u00f4steres est\u00e1 condicionada \u00e0 apresenta\u00e7\u00e3o do trabalho.<\/p>\n<p>&nbsp;<\/p>\n<h2 style=\"text-align: justify\">D\u00favidas<\/h2>\n<p style=\"text-align: justify\">Em caso de d\u00favidas, escreva para submissoes.concefor@ifes.edu.br<\/p>\n","protected":false},"excerpt":{"rendered":"<p>&nbsp; As submiss\u00f5es de artigos para as Comunica\u00e7\u00f5es Cient\u00edficas poder\u00e3o ser feitas com base nos seguintes Eixos Tem\u00e1ticos: Eixo 1 &#8211; Pol\u00edticas educacionais e curr\u00edculo Engloba estudos e pesquisas que abordem pol\u00edticas p\u00fablicas e\/ou curr\u00edculo, relacionados \u00e0 forma\u00e7\u00e3o de educadores <a class=\"more-link\" href=\"https:\/\/concefor.cefor.ifes.edu.br\/2016\/submissoes\/\">Leia mais&#8230; &raquo;<\/a><\/p>\n","protected":false},"author":1,"featured_media":0,"parent":0,"menu_order":0,"comment_status":"closed","ping_status":"closed","template":"","meta":[],"_links":{"self":[{"href":"https:\/\/concefor.cefor.ifes.edu.br\/2016\/wp-json\/wp\/v2\/pages\/24"}],"collection":[{"href":"https:\/\/concefor.cefor.ifes.edu.br\/2016\/wp-json\/wp\/v2\/pages"}],"about":[{"href":"https:\/\/concefor.cefor.ifes.edu.br\/2016\/wp-json\/wp\/v2\/types\/page"}],"author":[{"embeddable":true,"href":"https:\/\/concefor.cefor.ifes.edu.br\/2016\/wp-json\/wp\/v2\/users\/1"}],"replies":[{"embeddable":true,"href":"https:\/\/concefor.cefor.ifes.edu.br\/2016\/wp-json\/wp\/v2\/comments?post=24"}],"version-history":[{"count":0,"href":"https:\/\/concefor.cefor.ifes.edu.br\/2016\/wp-json\/wp\/v2\/pages\/24\/revisions"}],"wp:attachment":[{"href":"https:\/\/concefor.cefor.ifes.edu.br\/2016\/wp-json\/wp\/v2\/media?parent=24"}],"curies":[{"name":"wp","href":"https:\/\/api.w.org\/{rel}","templated":true}]}}