{"id":18,"date":"2016-04-12T13:35:25","date_gmt":"2016-04-12T13:35:25","guid":{"rendered":"http:\/\/concefor.cefor.ifes.edu.br\/?page_id=18"},"modified":"2016-04-12T13:35:25","modified_gmt":"2016-04-12T13:35:25","slug":"palestrantes","status":"publish","type":"page","link":"https:\/\/concefor.cefor.ifes.edu.br\/2016\/palestrantes\/","title":{"rendered":"Palestrantes"},"content":{"rendered":"<p>&nbsp;<\/p>\n<h5>In\u00eas Assun\u00e7\u00e3o de Castro Teixeira<\/h5>\n<p><img loading=\"lazy\" class=\"alignnone size-full wp-image-297\" src=\"http:\/\/concefor.cefor.ifes.edu.br\/wp-content\/uploads\/2016\/04\/ines.png\" alt=\"ines\" width=\"160\" height=\"148\" \/><\/p>\n<p style=\"text-align: justify\">Doutora em Educa\u00e7\u00e3o pela Universidade Federal de Minas Gerais em 1998, realizou seu P\u00f3s-Doutorado na Universidade de Barcelona em 2005. \u00c9 Professora Associada da Faculdade de Educa\u00e7\u00e3o da UFMG e professora aposentada da PUC Minas. Atua na \u00e1rea de Sociologia, com \u00eanfase em Sociologia da Educa\u00e7\u00e3o. \u00c9 coorganizadora da Cole\u00e7\u00e3o &#8220;Educa\u00e7\u00e3o, Cultura e Cinema&#8221; (ed. Aut\u00eantica) e da se\u00e7\u00e3o Educar o Olhar da Revista Presen\u00e7a Pedag\u00f3gica. \u00c9 pesquisadora do N\u00facleo de Pesquisas sobre Condi\u00e7\u00e3o e Forma\u00e7\u00e3o Docente da Faculdade de Educa\u00e7\u00e3o da UFMG. Membro da KINO &#8211; Rede Latinoamericana de Educa\u00e7\u00e3o, Cinema e Audiovisual. Em seus estudos, pesquisas, na doc\u00eancia e na extens\u00e3o tem analisado tem\u00e1ticas da condi\u00e7\u00e3o docente e das vidas dos professores, dos tempos escolares e tempos docentes, bem como discuss\u00f5es relativas ao g\u00eanero e \u00e0s mulheres, em especial. Mais recentemente tem se dedicado a estudos e projetos de trabalho de educa\u00e7\u00e3o e cinema. Participa do Programa de A\u00e7\u00f5es Afirmativas da UFMG e de comit\u00eas cient\u00edficos de revistas e associa\u00e7\u00f5es. \u00c9 pesquisadora do CNPq.<\/p>\n<h5>Jos\u00e9 Moran<\/h5>\n<p style=\"text-align: justify\"><img loading=\"lazy\" class=\"alignnone size-full wp-image-266\" src=\"http:\/\/concefor.cefor.ifes.edu.br\/wp-content\/uploads\/2016\/04\/1525110_10151842817298869_784636936_n.jpg\" alt=\"1525110_10151842817298869_784636936_n\" width=\"160\" height=\"160\" \/><\/p>\n<div>\n<p style=\"text-align: justify\">\u00c9 um dos fundadores da Escola do Futuro e Professor de Novas Tecnologias na USP. Gerencia pesquisas e projetos de inova\u00e7\u00e3o, com metodologias ativas e tecnologias digitais. \u00c9 autor do livro A educa\u00e7\u00e3o que desejamos: novos desafios e como chegar l\u00e1 (Papirus) e do blog Educa\u00e7\u00e3o Humanista Inovadora.<\/p>\n<h5 class=\"yj6qo ajU\"><\/h5>\n<\/div>\n","protected":false},"excerpt":{"rendered":"<p>&nbsp; In\u00eas Assun\u00e7\u00e3o de Castro Teixeira Doutora em Educa\u00e7\u00e3o pela Universidade Federal de Minas Gerais em 1998, realizou seu P\u00f3s-Doutorado na Universidade de Barcelona em 2005. \u00c9 Professora Associada da Faculdade de Educa\u00e7\u00e3o da UFMG e professora aposentada da PUC <a class=\"more-link\" href=\"https:\/\/concefor.cefor.ifes.edu.br\/2016\/palestrantes\/\">Leia mais&#8230; &raquo;<\/a><\/p>\n","protected":false},"author":1,"featured_media":0,"parent":0,"menu_order":0,"comment_status":"closed","ping_status":"closed","template":"","meta":[],"_links":{"self":[{"href":"https:\/\/concefor.cefor.ifes.edu.br\/2016\/wp-json\/wp\/v2\/pages\/18"}],"collection":[{"href":"https:\/\/concefor.cefor.ifes.edu.br\/2016\/wp-json\/wp\/v2\/pages"}],"about":[{"href":"https:\/\/concefor.cefor.ifes.edu.br\/2016\/wp-json\/wp\/v2\/types\/page"}],"author":[{"embeddable":true,"href":"https:\/\/concefor.cefor.ifes.edu.br\/2016\/wp-json\/wp\/v2\/users\/1"}],"replies":[{"embeddable":true,"href":"https:\/\/concefor.cefor.ifes.edu.br\/2016\/wp-json\/wp\/v2\/comments?post=18"}],"version-history":[{"count":0,"href":"https:\/\/concefor.cefor.ifes.edu.br\/2016\/wp-json\/wp\/v2\/pages\/18\/revisions"}],"wp:attachment":[{"href":"https:\/\/concefor.cefor.ifes.edu.br\/2016\/wp-json\/wp\/v2\/media?parent=18"}],"curies":[{"name":"wp","href":"https:\/\/api.w.org\/{rel}","templated":true}]}}